{"id":30329,"date":"2024-06-27T15:28:13","date_gmt":"2024-06-27T13:28:13","guid":{"rendered":"https:\/\/www.nextgen.visilabgroup.ch\/invia-la-tua-candidatura\/"},"modified":"2024-10-01T12:10:25","modified_gmt":"2024-10-01T10:10:25","slug":"invia-la-tua-candidatura","status":"publish","type":"page","link":"https:\/\/www.nextgen.visilabgroup.ch\/it\/invia-la-tua-candidatura\/","title":{"rendered":"Invia la tua candidatura"},"content":{"rendered":"<p>[et_pb_section fb_built=&#8221;1&#8243; admin_label=&#8221;Features&#8221; _builder_version=&#8221;4.22.1&#8243; _module_preset=&#8221;default&#8221; custom_padding=&#8221;1px|||||&#8221; collapsed=&#8221;on&#8221; global_colors_info=&#8221;{}&#8221;][et_pb_row _builder_version=&#8221;4.23.2&#8243; _module_preset=&#8221;default&#8221; global_colors_info=&#8221;{}&#8221;][et_pb_column type=&#8221;4_4&#8243; _builder_version=&#8221;4.22.1&#8243; _module_preset=&#8221;default&#8221; global_colors_info=&#8221;{}&#8221;][et_pb_text _builder_version=&#8221;4.24.3&#8243; _module_preset=&#8221;_initial&#8221; header_font=&#8221;Oswald|700||on|||||&#8221; header_text_color=&#8221;#FFFFFF&#8221; header_font_size=&#8221;3vw&#8221; header_line_height=&#8221;1.2em&#8221; header_font_size_tablet=&#8221;7vw&#8221; header_font_size_phone=&#8221;9vw&#8221; header_font_size_last_edited=&#8221;on|tablet&#8221; custom_css_free_form=&#8221;selector h1 {||  background:black;||  width: fit-content;||}&#8221; locked=&#8221;off&#8221; global_colors_info=&#8221;{}&#8221;]<\/p>\n<h1>\u00a0Chi sei?\u00a0<\/h1>\n<p>[\/et_pb_text][et_pb_text _builder_version=&#8221;4.24.3&#8243; _module_preset=&#8221;_initial&#8221; header_font=&#8221;Oswald|700||on|||||&#8221; header_text_color=&#8221;#FFFFFF&#8221; header_font_size=&#8221;3vw&#8221; header_line_height=&#8221;1.2em&#8221; custom_margin=&#8221;-24px|||||&#8221; header_font_size_tablet=&#8221;7vw&#8221; header_font_size_phone=&#8221;9vw&#8221; header_font_size_last_edited=&#8221;on|tablet&#8221; custom_css_free_form=&#8221;selector h1 {||  background:black;||  width: fit-content;||}&#8221; locked=&#8221;off&#8221; global_colors_info=&#8221;{}&#8221;]<\/p>\n<h1>\u00a0Facci vedere!\u00a0<\/h1>\n<p>[\/et_pb_text][\/et_pb_column][\/et_pb_row][et_pb_row _builder_version=&#8221;4.24.3&#8243; _module_preset=&#8221;default&#8221; global_colors_info=&#8221;{}&#8221;][et_pb_column type=&#8221;4_4&#8243; _builder_version=&#8221;4.24.3&#8243; _module_preset=&#8221;default&#8221; global_colors_info=&#8221;{}&#8221;][et_pb_text _builder_version=&#8221;4.24.3&#8243; _module_preset=&#8221;default&#8221; global_colors_info=&#8221;{}&#8221;]<\/p>\n<p>Sappiamo che il CV e la lettera di presentazione raccontano solo una parte della tua storia. Per avere un&#8217;idea pi\u00f9 completa di chi sei, ti chiediamo di inviarci un breve video di presentazione. Ecco la tua occasione per brillare e distinguerti dalla massa!<\/p>\n<p><strong>Nel tuo video, potresti :<\/strong><\/p>\n<ol>\n<li><strong>Presentati:<\/strong> raccontaci qualcosa di te.<\/li>\n<li><strong>Condividi la tua passione:<\/strong> perch\u00e9 sei cos\u00ec entusiasta di questa opportunit\u00e0? Cosa ti motiva? Hai gi\u00e0 fatto dei tirocini?<\/li>\n<li>Metti in evidenza le <strong>tue competenze:<\/strong> cosa ti rende il candidato ideale per questo lavoro? Indica eventuali esperienze o competenze rilevanti.<\/li>\n<li><strong>Sii creativo:<\/strong> non esitare a mostrare la tua personalit\u00e0, sia attraverso il tuo discorso, sia attraverso l&#8217;ambiente o qualsiasi altro elemento visivo.<\/li>\n<\/ol>\n<p><strong>Suggerimenti per il tuo video:<\/strong><\/p>\n<ul>\n<li><strong>Sii conciso:<\/strong> punta a 2 o 3 minuti.<\/li>\n<li><strong>Sii te stesso:<\/strong> l&#8217;autenticit\u00e0 \u00e8 fondamentale. Vogliamo vedere il vero te!<\/li>\n<li><strong>Qualit\u00e0:<\/strong> assicurati che il video sia ben illuminato e che l&#8217;audio sia chiaro.<\/li>\n<\/ul>\n<p><strong>Come inviare il tuo video:<\/strong><\/p>\n<ol>\n<li>Registra il tuo video con il telefono, la webcam o la fotocamera.<\/li>\n<li>Salvare in un formato comune (MP4, MOV, AVI).<\/li>\n<li>Clicca su &#8220;INVIA IL TUO VIDEO&#8221; per accedere a Swisstransfer.ch, una piattaforma sicura.<\/li>\n<li>Usa Swisstransfer per generare un link al tuo video e incollalo nello spazio sottostante. Se non sei sicuro di come fare, dai un&#8217;occhiata alla GIF.<\/li>\n<\/ol>\n<p>Non vediamo l&#8217;ora di vedere il tuo video e di scoprire di pi\u00f9 su di te. \u00c8 la tua scena!<\/p>\n<div class=\"et-fb-mousetrap et-fb-mousetrap--module et-fb-mousetrap-move\" style=\"font-size: 14px; background-position: 0px center; transition-property: all; top: -20px; bottom: -29px;\"><\/div>\n<p>[\/et_pb_text][\/et_pb_column][\/et_pb_row][et_pb_row column_structure=&#8221;2_3,1_3&#8243; _builder_version=&#8221;4.24.3&#8243; _module_preset=&#8221;default&#8221; global_colors_info=&#8221;{}&#8221;][et_pb_column type=&#8221;2_3&#8243; _builder_version=&#8221;4.24.3&#8243; _module_preset=&#8221;default&#8221; global_colors_info=&#8221;{}&#8221;][et_pb_text _builder_version=&#8221;4.24.3&#8243; _module_preset=&#8221;default&#8221; text_font=&#8221;Oswald|700|||||||&#8221; text_font_size=&#8221;25px&#8221; global_colors_info=&#8221;{}&#8221;]<\/p>\n<p>I tuoi dati di contatto e la tua scelta del negozio:<\/p>\n<p>[\/et_pb_text][et_pb_code _builder_version=&#8221;4.24.3&#8243; _module_preset=&#8221;default&#8221; global_colors_info=&#8221;{}&#8221;]\n<div class=\"wpcf7 no-js\" id=\"wpcf7-f30292-o1\" lang=\"it-IT\" dir=\"ltr\" data-wpcf7-id=\"30292\">\n<div class=\"screen-reader-response\"><p role=\"status\" aria-live=\"polite\" aria-atomic=\"true\"><\/p> <ul><\/ul><\/div>\n<form action=\"\/it\/wp-json\/wp\/v2\/pages\/30329#wpcf7-f30292-o1\" method=\"post\" class=\"wpcf7-form init\" aria-label=\"Modulo di contatto\" novalidate=\"novalidate\" data-status=\"init\">\n<div style=\"display: none;\">\n<input type=\"hidden\" name=\"_wpcf7\" value=\"30292\" \/>\n<input type=\"hidden\" name=\"_wpcf7_version\" value=\"6.0.4\" \/>\n<input type=\"hidden\" name=\"_wpcf7_locale\" value=\"it_IT\" \/>\n<input type=\"hidden\" name=\"_wpcf7_unit_tag\" value=\"wpcf7-f30292-o1\" \/>\n<input type=\"hidden\" name=\"_wpcf7_container_post\" value=\"0\" \/>\n<input type=\"hidden\" name=\"_wpcf7_posted_data_hash\" value=\"\" \/>\n<\/div>\n<p><label><a href=\"https:\/\/www.swisstransfer.com\/fr-fr\" target=\"_blank\">Generare un link Swisstransfer.ch<\/a><br \/>\n<\/label> Incollate qui il link al vostro video<br \/>\n<span class=\"wpcf7-form-control-wrap\" data-name=\"Swisstransferlink\"><input size=\"40\" maxlength=\"400\" class=\"wpcf7-form-control wpcf7-url wpcf7-validates-as-required wpcf7-text wpcf7-validates-as-url\" aria-required=\"true\" aria-invalid=\"false\" value=\"\" type=\"url\" name=\"Swisstransferlink\" \/><\/span>\n<\/p>\n<p><label> \ud83d\ude0e Nome<br \/>\n<span class=\"wpcf7-form-control-wrap\" data-name=\"your-name\"><input size=\"40\" maxlength=\"400\" class=\"wpcf7-form-control wpcf7-text wpcf7-validates-as-required\" autocomplete=\"name\" aria-required=\"true\" aria-invalid=\"false\" value=\"\" type=\"text\" name=\"your-name\" \/><\/span> <\/label>\n<\/p>\n<p><label> \ud83c\udd92 Nome di famiglia<br \/>\n<span class=\"wpcf7-form-control-wrap\" data-name=\"YourFamilyName\"><input size=\"40\" maxlength=\"400\" class=\"wpcf7-form-control wpcf7-text wpcf7-validates-as-required\" aria-required=\"true\" aria-invalid=\"false\" value=\"\" type=\"text\" name=\"YourFamilyName\" \/><\/span> <\/label>\n<\/p>\n<p><label> \ud83d\udce7 Email<br \/>\n<span class=\"wpcf7-form-control-wrap\" data-name=\"your-email\"><input size=\"40\" maxlength=\"400\" class=\"wpcf7-form-control wpcf7-email wpcf7-validates-as-required wpcf7-text wpcf7-validates-as-email\" autocomplete=\"email\" aria-required=\"true\" aria-invalid=\"false\" value=\"\" type=\"email\" name=\"your-email\" \/><\/span> <\/label>\n<\/p>\n<p>\ud83d\udcf1 Telefono<br \/>\n<span class=\"wpcf7-form-control-wrap\" data-name=\"tel-103\"><input size=\"40\" maxlength=\"400\" class=\"wpcf7-form-control wpcf7-tel wpcf7-validates-as-required wpcf7-text wpcf7-validates-as-tel\" aria-required=\"true\" aria-invalid=\"false\" value=\"\" type=\"tel\" name=\"tel-103\" \/><\/span>\n<\/p>\n<p>\ud83d\ude0d Dove desideri lavorer le plus ?<br \/>\n<span class=\"wpcf7-form-control-wrap\" data-name=\"stChoice\"><select class=\"wpcf7-form-control wpcf7-select wpcf7-validates-as-required\" aria-required=\"true\" aria-invalid=\"false\" name=\"stChoice\"><option value=\"---\">---<\/option><option value=\"McOptic Affoltern\">McOptic Affoltern<\/option><option value=\"McOptic Belp\">McOptic Belp<\/option><option value=\"McOptic Biel\/Bienne\">McOptic Biel\/Bienne<\/option><option value=\"McOptic Birsfelden\">McOptic Birsfelden<\/option><option value=\"McOptic Carouge\">McOptic Carouge<\/option><option value=\"McOptic Crissier\">McOptic Crissier<\/option><option value=\"McOptic Chiasso\">McOptic Chiasso<\/option><option value=\"McOptic Del\u00e9mont\">McOptic Del\u00e9mont<\/option><option value=\"McOptic Gen\u00e8ve\">McOptic Gen\u00e8ve<\/option><option value=\"McOptic Grancia\">McOptic Grancia<\/option><option value=\"McOptic Grenchen\">McOptic Grenchen<\/option><option value=\"McOptic Ittigen\">McOptic Ittigen<\/option><option value=\"McOptic Langenthal\">McOptic Langenthal<\/option><option value=\"McOptic Lyss\">McOptic Lyss<\/option><option value=\"McOptic Muralto\">McOptic Muralto<\/option><option value=\"McOptic Netstal\">McOptic Netstal<\/option><option value=\"McOptic Sarnen\">McOptic Sarnen<\/option><option value=\"McOptic Sch\u00f6nb\u00fchl\">McOptic Sch\u00f6nb\u00fchl<\/option><option value=\"McOptic Vevey\">McOptic Vevey<\/option><option value=\"McOptic Wil\">McOptic Wil<\/option><option value=\"McOptic Zug\">McOptic Zug<\/option><option value=\"McOptic Z\u00fcrich Wiedikon\">McOptic Z\u00fcrich Wiedikon<\/option><option value=\"Visilab Aigle\">Visilab Aigle<\/option><option value=\"Visilab Balexert\">Visilab Balexert<\/option><option value=\"Visilab City West Chur\">Visilab City West Chur<\/option><option value=\"Visilab Crissier\">Visilab Crissier<\/option><option value=\"Visilab Fribourg\">Visilab Fribourg<\/option><option value=\"Visilab La Chaux-de-Fonds\">Visilab La Chaux-de-Fonds<\/option><option value=\"Visilab Lancy-Centre\">Visilab Lancy-Centre<\/option><option value=\"Visilab Les Cygnes\">Visilab Les Cygnes<\/option><option value=\"Visilab Letzipark\">Visilab Letzipark<\/option><option value=\"Visilab Martigny\">Visilab Martigny<\/option><option value=\"Visilab M\u00e9tropole\">Visilab M\u00e9tropole<\/option><option value=\"Visilab Meyrin Centre\">Visilab Meyrin Centre<\/option><option value=\"Visilab Montagny-pr\u00e8s-Yverdon\">Visilab Montagny-pr\u00e8s-Yverdon<\/option><option value=\"Visilab Monthey SA\">Visilab Monthey SA<\/option><option value=\"Visilab Montreux SA\">Visilab Montreux SA<\/option><option value=\"Visilab Neuch\u00e2tel\">Visilab Neuch\u00e2tel<\/option><option value=\"Visilab Place de la Palud\">Visilab Place de la Palud<\/option><option value=\"Visilab Porrentruy\">Visilab Porrentruy<\/option><option value=\"Visilab Pully\">Visilab Pully<\/option><option value=\"Visilab Rue de Rive\">Visilab Rue de Rive<\/option><option value=\"Visilab Sion SA\">Visilab Sion SA<\/option><option value=\"Visilab St. Jakob-Park\">Visilab St. Jakob-Park<\/option><option value=\"Visilab Th\u00f4nex\">Visilab Th\u00f4nex<\/option><option value=\"Visilab Zugerland\">Visilab Zugerland<\/option><option value=\"Kochoptik Muttenz\">Kochoptik Muttenz<\/option><\/select><\/span>\n<\/p>\n<p>\ud83d\udc99 Quale sarebbe la tua seconda scelta?<br \/>\n<span class=\"wpcf7-form-control-wrap\" data-name=\"ndChoice\"><select class=\"wpcf7-form-control wpcf7-select wpcf7-validates-as-required\" aria-required=\"true\" aria-invalid=\"false\" name=\"ndChoice\"><option value=\"---\">---<\/option><option value=\"McOptic Affoltern\">McOptic Affoltern<\/option><option value=\"McOptic Belp\">McOptic Belp<\/option><option value=\"McOptic Biel\/Bienne\">McOptic Biel\/Bienne<\/option><option value=\"McOptic Birsfelden\">McOptic Birsfelden<\/option><option value=\"McOptic Carouge\">McOptic Carouge<\/option><option value=\"McOptic Crissier\">McOptic Crissier<\/option><option value=\"McOptic Chiasso\">McOptic Chiasso<\/option><option value=\"McOptic Del\u00e9mont\">McOptic Del\u00e9mont<\/option><option value=\"McOptic Gen\u00e8ve\">McOptic Gen\u00e8ve<\/option><option value=\"McOptic Grancia\">McOptic Grancia<\/option><option value=\"McOptic Grenchen\">McOptic Grenchen<\/option><option value=\"McOptic Ittigen\">McOptic Ittigen<\/option><option value=\"McOptic Langenthal\">McOptic Langenthal<\/option><option value=\"McOptic Lyss\">McOptic Lyss<\/option><option value=\"McOptic Muralto\">McOptic Muralto<\/option><option value=\"McOptic Netstal\">McOptic Netstal<\/option><option value=\"McOptic Sarnen\">McOptic Sarnen<\/option><option value=\"McOptic Sch\u00f6nb\u00fchl\">McOptic Sch\u00f6nb\u00fchl<\/option><option value=\"McOptic Vevey\">McOptic Vevey<\/option><option value=\"McOptic Wil\">McOptic Wil<\/option><option value=\"McOptic Zug\">McOptic Zug<\/option><option value=\"McOptic Z\u00fcrich Wiedikon\">McOptic Z\u00fcrich Wiedikon<\/option><option value=\"Visilab Aigle\">Visilab Aigle<\/option><option value=\"Visilab Balexert\">Visilab Balexert<\/option><option value=\"Visilab City West Chur\">Visilab City West Chur<\/option><option value=\"Visilab Crissier\">Visilab Crissier<\/option><option value=\"Visilab Fribourg\">Visilab Fribourg<\/option><option value=\"Visilab La Chaux-de-Fonds\">Visilab La Chaux-de-Fonds<\/option><option value=\"Visilab Lancy-Centre\">Visilab Lancy-Centre<\/option><option value=\"Visilab Les Cygnes\">Visilab Les Cygnes<\/option><option value=\"Visilab Letzipark\">Visilab Letzipark<\/option><option value=\"Visilab Martigny\">Visilab Martigny<\/option><option value=\"Visilab M\u00e9tropole\">Visilab M\u00e9tropole<\/option><option value=\"Visilab Meyrin Centre\">Visilab Meyrin Centre<\/option><option value=\"Visilab Montagny-pr\u00e8s-Yverdon\">Visilab Montagny-pr\u00e8s-Yverdon<\/option><option value=\"Visilab Monthey SA\">Visilab Monthey SA<\/option><option value=\"Visilab Montreux SA\">Visilab Montreux SA<\/option><option value=\"Visilab Neuch\u00e2tel\">Visilab Neuch\u00e2tel<\/option><option value=\"Visilab Place de la Palud\">Visilab Place de la Palud<\/option><option value=\"Visilab Porrentruy\">Visilab Porrentruy<\/option><option value=\"Visilab Pully\">Visilab Pully<\/option><option value=\"Visilab Rue de Rive\">Visilab Rue de Rive<\/option><option value=\"Visilab Sion SA\">Visilab Sion SA<\/option><option value=\"Visilab St. Jakob-Park\">Visilab St. Jakob-Park<\/option><option value=\"Visilab Th\u00f4nex\">Visilab Th\u00f4nex<\/option><option value=\"Visilab Zugerland\">Visilab Zugerland<\/option><option value=\"Kochoptik Muttenz\">Kochoptik Muttenz<\/option><\/select><\/span>\n<\/p>\n<p>\u2728 E, eventualmente, la tua terza scelta?<br \/>\n<span class=\"wpcf7-form-control-wrap\" data-name=\"rdChoice\"><select class=\"wpcf7-form-control wpcf7-select wpcf7-validates-as-required\" aria-required=\"true\" aria-invalid=\"false\" name=\"rdChoice\"><option value=\"---\">---<\/option><option value=\"McOptic Affoltern\">McOptic Affoltern<\/option><option value=\"McOptic Belp\">McOptic Belp<\/option><option value=\"McOptic Biel\/Bienne\">McOptic Biel\/Bienne<\/option><option value=\"McOptic Birsfelden\">McOptic Birsfelden<\/option><option value=\"McOptic Carouge\">McOptic Carouge<\/option><option value=\"McOptic Crissier\">McOptic Crissier<\/option><option value=\"McOptic Chiasso\">McOptic Chiasso<\/option><option value=\"McOptic Del\u00e9mont\">McOptic Del\u00e9mont<\/option><option value=\"McOptic Gen\u00e8ve\">McOptic Gen\u00e8ve<\/option><option value=\"McOptic Grancia\">McOptic Grancia<\/option><option value=\"McOptic Grenchen\">McOptic Grenchen<\/option><option value=\"McOptic Ittigen\">McOptic Ittigen<\/option><option value=\"McOptic Langenthal\">McOptic Langenthal<\/option><option value=\"McOptic Lyss\">McOptic Lyss<\/option><option value=\"McOptic Muralto\">McOptic Muralto<\/option><option value=\"McOptic Netstal\">McOptic Netstal<\/option><option value=\"McOptic Sarnen\">McOptic Sarnen<\/option><option value=\"McOptic Sch\u00f6nb\u00fchl\">McOptic Sch\u00f6nb\u00fchl<\/option><option value=\"McOptic Vevey\">McOptic Vevey<\/option><option value=\"McOptic Wil\">McOptic Wil<\/option><option value=\"McOptic Zug\">McOptic Zug<\/option><option value=\"McOptic Z\u00fcrich Wiedikon\">McOptic Z\u00fcrich Wiedikon<\/option><option value=\"Visilab Aigle\">Visilab Aigle<\/option><option value=\"Visilab Balexert\">Visilab Balexert<\/option><option value=\"Visilab City West Chur\">Visilab City West Chur<\/option><option value=\"Visilab Crissier\">Visilab Crissier<\/option><option value=\"Visilab Fribourg\">Visilab Fribourg<\/option><option value=\"Visilab La Chaux-de-Fonds\">Visilab La Chaux-de-Fonds<\/option><option value=\"Visilab Lancy-Centre\">Visilab Lancy-Centre<\/option><option value=\"Visilab Les Cygnes\">Visilab Les Cygnes<\/option><option value=\"Visilab Letzipark\">Visilab Letzipark<\/option><option value=\"Visilab Martigny\">Visilab Martigny<\/option><option value=\"Visilab M\u00e9tropole\">Visilab M\u00e9tropole<\/option><option value=\"Visilab Meyrin Centre\">Visilab Meyrin Centre<\/option><option value=\"Visilab Montagny-pr\u00e8s-Yverdon\">Visilab Montagny-pr\u00e8s-Yverdon<\/option><option value=\"Visilab Monthey SA\">Visilab Monthey SA<\/option><option value=\"Visilab Montreux SA\">Visilab Montreux SA<\/option><option value=\"Visilab Neuch\u00e2tel\">Visilab Neuch\u00e2tel<\/option><option value=\"Visilab Place de la Palud\">Visilab Place de la Palud<\/option><option value=\"Visilab Porrentruy\">Visilab Porrentruy<\/option><option value=\"Visilab Pully\">Visilab Pully<\/option><option value=\"Visilab Rue de Rive\">Visilab Rue de Rive<\/option><option value=\"Visilab Sion SA\">Visilab Sion SA<\/option><option value=\"Visilab St. Jakob-Park\">Visilab St. Jakob-Park<\/option><option value=\"Visilab Th\u00f4nex\">Visilab Th\u00f4nex<\/option><option value=\"Visilab Zugerland\">Visilab Zugerland<\/option><option value=\"Kochoptik Muttenz\">Kochoptik Muttenz<\/option><\/select><\/span>\n<\/p>\n<p>Con la presente dichiaro di accettare che i dati da me forniti nell'ambito del processo di reclutamento possano essere comunicati ad aziende del VisilabGroup.<br \/>\n<span class=\"wpcf7-form-control-wrap\" data-name=\"checkbox-664\"><span class=\"wpcf7-form-control wpcf7-checkbox wpcf7-validates-as-required\"><span class=\"wpcf7-list-item first last\"><label><input type=\"checkbox\" name=\"checkbox-664[]\" value=\"Accetto\" \/><span class=\"wpcf7-list-item-label\">Accetto<\/span><\/label><\/span><\/span><\/span>\n<\/p>\n<p><input class=\"wpcf7-form-control wpcf7-submit has-spinner\" type=\"submit\" value=\"Invia\" \/>\n<\/p><div class=\"wpcf7-response-output\" aria-hidden=\"true\"><\/div>\n<\/form>\n<\/div>\n[\/et_pb_code][\/et_pb_column][et_pb_column type=&#8221;1_3&#8243; _builder_version=&#8221;4.24.3&#8243; _module_preset=&#8221;default&#8221; global_colors_info=&#8221;{}&#8221;][et_pb_text _builder_version=&#8221;4.24.3&#8243; _module_preset=&#8221;default&#8221; text_font=&#8221;Oswald|700|||||||&#8221; text_font_size=&#8221;25px&#8221; global_colors_info=&#8221;{}&#8221;]<\/p>\n<p>swisstransfer.ch Come fare:<\/p>\n<p>[\/et_pb_text][et_pb_video_slider show_image_overlay=&#8221;on&#8221; show_thumbnails=&#8221;off&#8221; play_icon_color=&#8221;#000000&#8243; font_icon=&#8221;&#x49;||divi||400&#8243; use_icon_font_size=&#8221;on&#8221; thumbnail_overlay_color=&#8221;RGBA(255,255,255,0)&#8221; controls_color=&#8221;light&#8221; disabled_on=&#8221;off|off|off&#8221; _builder_version=&#8221;4.24.3&#8243; _module_preset=&#8221;default&#8221; background_color=&#8221;#0055a4&#8243; width=&#8221;91%&#8221; width_tablet=&#8221;60%&#8221; width_phone=&#8221;60%&#8221; width_last_edited=&#8221;on|phone&#8221; max_width=&#8221;100%&#8221; module_alignment=&#8221;left&#8221; custom_margin=&#8221;60px||||false|false&#8221; custom_padding=&#8221;9px|9px|9px|9px|false|true&#8221; hover_enabled=&#8221;0&#8243; module_alignment_tablet=&#8221;center&#8221; module_alignment_phone=&#8221;center&#8221; module_alignment_last_edited=&#8221;on|phone&#8221; custom_css_free_form=&#8221;selector.et_pb_video_slider {||    border-radius: 30px;||}&#8221; custom_css_arrows=&#8221;color: black !important;&#8221; border_radii=&#8221;on|30px|30px|30px|30px&#8221; border_color_all=&#8221;RGBA(255,255,255,0)&#8221; border_style_all=&#8221;groove&#8221; box_shadow_style=&#8221;preset6&#8243; locked=&#8221;off&#8221; global_colors_info=&#8221;{}&#8221; show_image_overlay_last_edited=&#8221;on|desktop&#8221; sticky_enabled=&#8221;0&#8243; show_image_overlay_tablet=&#8221;off&#8221; show_image_overlay_phone=&#8221;off&#8221;][et_pb_video_slider_item src=&#8221;https:\/\/www.nextgen.visilabgroup.ch\/wp-content\/uploads\/2024\/09\/Swisstransfer-video-nextgen.mp4&#8243; _builder_version=&#8221;4.24.3&#8243; _module_preset=&#8221;default&#8221; global_colors_info=&#8221;{}&#8221; show_image_overlay=&#8221;on&#8221;][\/et_pb_video_slider_item][\/et_pb_video_slider][\/et_pb_column][\/et_pb_row][\/et_pb_section]<\/p>\n","protected":false},"excerpt":{"rendered":"<p>\u00a0Chi sei?\u00a0\u00a0Facci vedere!\u00a0Sappiamo che il CV e la lettera di presentazione raccontano solo una parte della tua storia. Per avere un&#8217;idea pi\u00f9 completa di chi sei, ti chiediamo di inviarci un breve video di presentazione. Ecco la tua occasione per brillare e distinguerti dalla massa! Nel tuo video, potresti : Presentati: raccontaci qualcosa di te. [&hellip;]<\/p>\n","protected":false},"author":1,"featured_media":0,"parent":0,"menu_order":0,"comment_status":"closed","ping_status":"closed","template":"","meta":{"_acf_changed":false,"_et_pb_use_builder":"on","_et_pb_old_content":"","_et_gb_content_width":"","footnotes":""},"class_list":["post-30329","page","type-page","status-publish","hentry"],"acf":[],"_links":{"self":[{"href":"https:\/\/www.nextgen.visilabgroup.ch\/it\/wp-json\/wp\/v2\/pages\/30329","targetHints":{"allow":["GET"]}}],"collection":[{"href":"https:\/\/www.nextgen.visilabgroup.ch\/it\/wp-json\/wp\/v2\/pages"}],"about":[{"href":"https:\/\/www.nextgen.visilabgroup.ch\/it\/wp-json\/wp\/v2\/types\/page"}],"author":[{"embeddable":true,"href":"https:\/\/www.nextgen.visilabgroup.ch\/it\/wp-json\/wp\/v2\/users\/1"}],"replies":[{"embeddable":true,"href":"https:\/\/www.nextgen.visilabgroup.ch\/it\/wp-json\/wp\/v2\/comments?post=30329"}],"version-history":[{"count":7,"href":"https:\/\/www.nextgen.visilabgroup.ch\/it\/wp-json\/wp\/v2\/pages\/30329\/revisions"}],"predecessor-version":[{"id":30997,"href":"https:\/\/www.nextgen.visilabgroup.ch\/it\/wp-json\/wp\/v2\/pages\/30329\/revisions\/30997"}],"wp:attachment":[{"href":"https:\/\/www.nextgen.visilabgroup.ch\/it\/wp-json\/wp\/v2\/media?parent=30329"}],"curies":[{"name":"wp","href":"https:\/\/api.w.org\/{rel}","templated":true}]}}